{"id":2707,"date":"2026-03-31T13:08:00","date_gmt":"2026-03-31T11:08:00","guid":{"rendered":"https:\/\/el-obrador.com\/servicio\/formacio-de-cinema-documental\/"},"modified":"2026-04-01T09:30:52","modified_gmt":"2026-04-01T07:30:52","slug":"formacio-de-cinema-documental","status":"publish","type":"servicio","link":"https:\/\/el-obrador.com\/ca\/servei\/formacio-de-cinema-documental\/","title":{"rendered":"FORMACI\u00d3"},"content":{"rendered":"\t\t<div data-elementor-type=\"wp-post\" data-elementor-id=\"2707\" class=\"elementor elementor-2707 elementor-2690\" data-elementor-post-type=\"servicio\">\n\t\t\t\t<div class=\"elementor-element elementor-element-68639d6e e-flex e-con-boxed e-con e-parent\" data-id=\"68639d6e\" data-element_type=\"container\" data-e-type=\"container\">\n\t\t\t\t\t<div class=\"e-con-inner\">\n\t\t\t\t<div class=\"elementor-element elementor-element-312e74b4 elementor-widget elementor-widget-text-editor\" data-id=\"312e74b4\" data-element_type=\"widget\" data-e-type=\"widget\" data-widget_type=\"text-editor.default\">\n\t\t\t\t\t\t\t\t\t<h1>Formaci\u00f3 de cinema documental a Mallorca \u2013 Formaci\u00f3 pr\u00e0ctica i creativa<\/h1><p><span style=\"font-weight: 400;\">Vols aprendre a crear documentals que transcendeixin? A  <\/span><b>els nostres cursos de cinema documental a Mallorca<\/b> <span style=\"font-weight: 400;\">descobrir\u00e0s com transformar una idea en una pel\u00b7l\u00edcula, des del gui\u00f3 fins a la postproducci\u00f3, acompanyat de professionals del sector audiovisual.<\/span><\/p>\t\t\t\t\t\t\t\t<\/div>\n\t\t\t\t<div class=\"elementor-element elementor-element-d6b320d elementor-widget elementor-widget-text-editor\" data-id=\"d6b320d\" data-element_type=\"widget\" data-e-type=\"widget\" data-widget_type=\"text-editor.default\">\n\t\t\t\t\t\t\t\t\t<h2><strong>Formaci\u00f3 en cinema documental a Mallorca &#8211; Formaci\u00f3 pr\u00e0ctica i creativa<\/strong><\/h2>\n<p>A El Obrador<span style=\"font-weight: 400;\"> sabem que hi ha un potencial enorme d&#8217;hist\u00f2ries que mereixen ser explicada. Per aix\u00f2, els nostres  <\/span><b>cursos de cinema documental<\/b> <span style=\"font-weight: 400;\">no es limiten a la t\u00e8cnica: t&#8217;ensenyem a observar, interpretar i narrar la realitat amb una mirada art\u00edstica, cr\u00edtica i persona.<\/span><\/p>\n<p><span style=\"font-weight: 400;\">A difer\u00e8ncia d&#8217;escoles tradicionals, treballem en un entorn<\/span> <b>inclusiu i participatiu<\/b> <span style=\"font-weight: 400;\">, on els joves i col\u00b7lectius amb menys acc\u00e9s a la cultura troben un espai per expressar-se i desenvolupar-se com a creadors audiovisuals.<\/span><\/p>\t\t\t\t\t\t\t\t<\/div>\n\t\t\t\t<div class=\"elementor-element elementor-element-b2c2044 elementor-widget elementor-widget-text-editor\" data-id=\"b2c2044\" data-element_type=\"widget\" data-e-type=\"widget\" data-widget_type=\"text-editor.default\">\n\t\t\t\t\t\t\t\t\t<h2><strong>Per qu\u00e8 escollir els nostres cursos de cinema documental a Mallorca?<\/strong><\/h2>\t\t\t\t\t\t\t\t<\/div>\n\t\t\t\t<div class=\"elementor-element elementor-element-3483456 elementor-widget__width-initial elementor-widget elementor-widget-n-accordion\" data-id=\"3483456\" data-element_type=\"widget\" data-e-type=\"widget\" data-settings=\"{&quot;default_state&quot;:&quot;all_collapsed&quot;,&quot;n_accordion_animation_duration&quot;:{&quot;unit&quot;:&quot;ms&quot;,&quot;size&quot;:700,&quot;sizes&quot;:[]},&quot;max_items_expended&quot;:&quot;one&quot;}\" data-widget_type=\"nested-accordion.default\">\n\t\t\t\t\t\t\t<div class=\"e-n-accordion\" aria-label=\"Accordion. Open links with Enter or Space, close with Escape, and navigate with Arrow Keys\">\n\t\t\t\t\t\t<details id=\"e-n-accordion-item-5500\" class=\"e-n-accordion-item\" >\n\t\t\t\t<summary class=\"e-n-accordion-item-title\" data-accordion-index=\"1\" tabindex=\"0\" aria-expanded=\"false\" aria-controls=\"e-n-accordion-item-5500\" >\n\t\t\t\t\t<span class='e-n-accordion-item-title-header'><h3 class=\"e-n-accordion-item-title-text\"> MENTORIES PERSONALITZADES AMB PROFESSIONALS <\/h3><\/span>\n\t\t\t\t\t\t\t<span class='e-n-accordion-item-title-icon'>\n\t\t\t<span class='e-opened' ><svg aria-hidden=\"true\" class=\"e-font-icon-svg e-fas-minus\" viewBox=\"0 0 448 512\" xmlns=\"http:\/\/www.w3.org\/2000\/svg\"><path d=\"M416 208H32c-17.67 0-32 14.33-32 32v32c0 17.67 14.33 32 32 32h384c17.67 0 32-14.33 32-32v-32c0-17.67-14.33-32-32-32z\"><\/path><\/svg><\/span>\n\t\t\t<span class='e-closed'><svg aria-hidden=\"true\" class=\"e-font-icon-svg e-fas-plus\" viewBox=\"0 0 448 512\" xmlns=\"http:\/\/www.w3.org\/2000\/svg\"><path d=\"M416 208H272V64c0-17.67-14.33-32-32-32h-32c-17.67 0-32 14.33-32 32v144H32c-17.67 0-32 14.33-32 32v32c0 17.67 14.33 32 32 32h144v144c0 17.67 14.33 32 32 32h32c17.67 0 32-14.33 32-32V304h144c17.67 0 32-14.33 32-32v-32c0-17.67-14.33-32-32-32z\"><\/path><\/svg><\/span>\n\t\t<\/span>\n\n\t\t\t\t\t\t<\/summary>\n\t\t\t\t<div role=\"region\" aria-labelledby=\"e-n-accordion-item-5500\" class=\"elementor-element elementor-element-b52664e e-con-full e-flex e-con e-child\" data-id=\"b52664e\" data-element_type=\"container\" data-e-type=\"container\">\n\t\t<div role=\"region\" aria-labelledby=\"e-n-accordion-item-5500\" class=\"elementor-element elementor-element-a19f208 e-flex e-con-boxed e-con e-child\" data-id=\"a19f208\" data-element_type=\"container\" data-e-type=\"container\" data-settings=\"{&quot;background_background&quot;:&quot;classic&quot;}\">\n\t\t\t\t\t<div class=\"e-con-inner\">\n\t\t\t\t<div class=\"elementor-element elementor-element-ff31f42 elementor-widget elementor-widget-video\" data-id=\"ff31f42\" data-element_type=\"widget\" data-e-type=\"widget\" data-settings=\"{&quot;video_type&quot;:&quot;vimeo&quot;}\" data-widget_type=\"video.default\">\n\t\t\t\t\t\t\t<div class=\"elementor-wrapper elementor-open-inline\">\n\t\t\t<iframe class=\"elementor-video-iframe\" allowfullscreen allow=\"clipboard-write\" title=\"Reproductor de v\u00eddeo vimeo\" src=\"https:\/\/player.vimeo.com\/video\/1069940288?color&amp;autopause=0&amp;loop=0&amp;muted=0&amp;title=0&amp;portrait=0&amp;byline=0#t=\"><\/iframe>\t\t<\/div>\n\t\t\t\t\t\t<\/div>\n\t\t\t\t<div class=\"elementor-element elementor-element-ed78727 elementor-widget elementor-widget-text-editor\" data-id=\"ed78727\" data-element_type=\"widget\" data-e-type=\"widget\" data-widget_type=\"text-editor.default\">\n\t\t\t\t\t\t\t\t\t<p><span style=\"font-weight: 400;\">Cada alumne rep orientaci\u00f3 individual de professionals del cinema i la televisi\u00f3. Els nostres mentors us guiaran des del desenvolupament de la vostra idea fins al muntatge final. <\/span><\/p>\t\t\t\t\t\t\t\t<\/div>\n\t\t\t\t\t<\/div>\n\t\t\t\t<\/div>\n\t\t\t\t<\/div>\n\t\t\t\t\t<\/details>\n\t\t\t\t\t\t<details id=\"e-n-accordion-item-5501\" class=\"e-n-accordion-item\" >\n\t\t\t\t<summary class=\"e-n-accordion-item-title\" data-accordion-index=\"2\" tabindex=\"-1\" aria-expanded=\"false\" aria-controls=\"e-n-accordion-item-5501\" >\n\t\t\t\t\t<span class='e-n-accordion-item-title-header'><h3 class=\"e-n-accordion-item-title-text\"> Resid\u00e8ncies creatives a la natura <\/h3><\/span>\n\t\t\t\t\t\t\t<span class='e-n-accordion-item-title-icon'>\n\t\t\t<span class='e-opened' ><svg aria-hidden=\"true\" class=\"e-font-icon-svg e-fas-minus\" viewBox=\"0 0 448 512\" xmlns=\"http:\/\/www.w3.org\/2000\/svg\"><path d=\"M416 208H32c-17.67 0-32 14.33-32 32v32c0 17.67 14.33 32 32 32h384c17.67 0 32-14.33 32-32v-32c0-17.67-14.33-32-32-32z\"><\/path><\/svg><\/span>\n\t\t\t<span class='e-closed'><svg aria-hidden=\"true\" class=\"e-font-icon-svg e-fas-plus\" viewBox=\"0 0 448 512\" xmlns=\"http:\/\/www.w3.org\/2000\/svg\"><path d=\"M416 208H272V64c0-17.67-14.33-32-32-32h-32c-17.67 0-32 14.33-32 32v144H32c-17.67 0-32 14.33-32 32v32c0 17.67 14.33 32 32 32h144v144c0 17.67 14.33 32 32 32h32c17.67 0 32-14.33 32-32V304h144c17.67 0 32-14.33 32-32v-32c0-17.67-14.33-32-32-32z\"><\/path><\/svg><\/span>\n\t\t<\/span>\n\n\t\t\t\t\t\t<\/summary>\n\t\t\t\t<div role=\"region\" aria-labelledby=\"e-n-accordion-item-5501\" class=\"elementor-element elementor-element-ca95329 e-con-full e-flex e-con e-child\" data-id=\"ca95329\" data-element_type=\"container\" data-e-type=\"container\">\n\t\t<div role=\"region\" aria-labelledby=\"e-n-accordion-item-5501\" class=\"elementor-element elementor-element-6b29c31 e-flex e-con-boxed e-con e-child\" data-id=\"6b29c31\" data-element_type=\"container\" data-e-type=\"container\" data-settings=\"{&quot;background_background&quot;:&quot;classic&quot;}\">\n\t\t\t\t\t<div class=\"e-con-inner\">\n\t\t\t\t<div class=\"elementor-element elementor-element-5802e23 elementor-widget elementor-widget-video\" data-id=\"5802e23\" data-element_type=\"widget\" data-e-type=\"widget\" data-settings=\"{&quot;video_type&quot;:&quot;vimeo&quot;}\" data-widget_type=\"video.default\">\n\t\t\t\t\t\t\t<div class=\"elementor-wrapper elementor-open-inline\">\n\t\t\t<iframe class=\"elementor-video-iframe\" allowfullscreen allow=\"clipboard-write\" title=\"Reproductor de v\u00eddeo vimeo\" src=\"https:\/\/player.vimeo.com\/video\/1092084713?color&amp;autopause=0&amp;loop=0&amp;muted=0&amp;title=0&amp;portrait=0&amp;byline=0&amp;h=3c6e15807e#t=\"><\/iframe>\t\t<\/div>\n\t\t\t\t\t\t<\/div>\n\t\t\t\t<div class=\"elementor-element elementor-element-9d38335 elementor-widget elementor-widget-text-editor\" data-id=\"9d38335\" data-element_type=\"widget\" data-e-type=\"widget\" data-widget_type=\"text-editor.default\">\n\t\t\t\t\t\t\t\t\t<p><span style=\"font-weight: 400;\">Amb programes com<\/span> <b>Calmadocs<\/b> <span style=\"font-weight: 400;\">, viur\u00e0s una experi\u00e8ncia immersiva en plena natura, treballant al teu documental mentre et desconnectes de la rutina urbana i connectes amb la inspiraci\u00f3 que ofereix Mallorca.<\/span><\/p>\t\t\t\t\t\t\t\t<\/div>\n\t\t\t\t\t<\/div>\n\t\t\t\t<\/div>\n\t\t\t\t<\/div>\n\t\t\t\t\t<\/details>\n\t\t\t\t\t\t<details id=\"e-n-accordion-item-5502\" class=\"e-n-accordion-item\" >\n\t\t\t\t<summary class=\"e-n-accordion-item-title\" data-accordion-index=\"3\" tabindex=\"-1\" aria-expanded=\"false\" aria-controls=\"e-n-accordion-item-5502\" >\n\t\t\t\t\t<span class='e-n-accordion-item-title-header'><h3 class=\"e-n-accordion-item-title-text\"> CURSOS DE CINEMA DOCUMENTAL  <\/h3><\/span>\n\t\t\t\t\t\t\t<span class='e-n-accordion-item-title-icon'>\n\t\t\t<span class='e-opened' ><svg aria-hidden=\"true\" class=\"e-font-icon-svg e-fas-minus\" viewBox=\"0 0 448 512\" xmlns=\"http:\/\/www.w3.org\/2000\/svg\"><path d=\"M416 208H32c-17.67 0-32 14.33-32 32v32c0 17.67 14.33 32 32 32h384c17.67 0 32-14.33 32-32v-32c0-17.67-14.33-32-32-32z\"><\/path><\/svg><\/span>\n\t\t\t<span class='e-closed'><svg aria-hidden=\"true\" class=\"e-font-icon-svg e-fas-plus\" viewBox=\"0 0 448 512\" xmlns=\"http:\/\/www.w3.org\/2000\/svg\"><path d=\"M416 208H272V64c0-17.67-14.33-32-32-32h-32c-17.67 0-32 14.33-32 32v144H32c-17.67 0-32 14.33-32 32v32c0 17.67 14.33 32 32 32h144v144c0 17.67 14.33 32 32 32h32c17.67 0 32-14.33 32-32V304h144c17.67 0 32-14.33 32-32v-32c0-17.67-14.33-32-32-32z\"><\/path><\/svg><\/span>\n\t\t<\/span>\n\n\t\t\t\t\t\t<\/summary>\n\t\t\t\t<div role=\"region\" aria-labelledby=\"e-n-accordion-item-5502\" class=\"elementor-element elementor-element-799ade0 e-con-full e-flex e-con e-child\" data-id=\"799ade0\" data-element_type=\"container\" data-e-type=\"container\">\n\t\t<div role=\"region\" aria-labelledby=\"e-n-accordion-item-5502\" class=\"elementor-element elementor-element-2afb282 e-flex e-con-boxed e-con e-child\" data-id=\"2afb282\" data-element_type=\"container\" data-e-type=\"container\" data-settings=\"{&quot;background_background&quot;:&quot;classic&quot;}\">\n\t\t\t\t\t<div class=\"e-con-inner\">\n\t\t\t\t<div class=\"elementor-element elementor-element-1ea7cc4 elementor-widget elementor-widget-text-editor\" data-id=\"1ea7cc4\" data-element_type=\"widget\" data-e-type=\"widget\" data-widget_type=\"text-editor.default\">\n\t\t\t\t\t\t\t\t\t<p>Fomentar l&#8217;apoderament cultural, l&#8217;autoestima col\u00b7lectiva i la cohesi\u00f3 social s\u00f3n alguns dels objectius d&#8217;aquests cursos en qu\u00e8 no nom\u00e9s aprenem a utilitzar la c\u00e0mera i les eines d&#8217;edici\u00f3 de v\u00eddeo sin\u00f3 especialment a pensar formes de representaci\u00f3 d&#8217;all\u00f2 que els importa o d&#8217;autorepresentaci\u00f3 d&#8217;all\u00f2 que s\u00f3n.<\/p>\n<p>Disposem de diferents cursos en col\u00b7laboraci\u00f3 amb diferents organitzacions per aprendre a crear curts documentals. <span style=\"text-decoration: underline;\"><a href=\"mailto:info@el-obrador.com\">Consulta&#8217;ns<\/a><\/span> per a m\u00e9s informaci\u00f3.<\/p>\n<p> <\/p>\n<ul>\n<li>Introducci\u00f3 al cinema documental i desenvolupament de projectes<\/li>\n<li>Cinema documental per a alumnes i exalumnes universitaris de carreres d&#8217;humanitats<\/li>\n<li>Producci\u00f3 i muntatge<\/li>\n<\/ul>\n<p> <\/p>\t\t\t\t\t\t\t\t<\/div>\n\t\t\t\t\t<\/div>\n\t\t\t\t<\/div>\n\t\t\t\t<\/div>\n\t\t\t\t\t<\/details>\n\t\t\t\t\t\t<details id=\"e-n-accordion-item-5503\" class=\"e-n-accordion-item\" >\n\t\t\t\t<summary class=\"e-n-accordion-item-title\" data-accordion-index=\"4\" tabindex=\"-1\" aria-expanded=\"false\" aria-controls=\"e-n-accordion-item-5503\" >\n\t\t\t\t\t<span class='e-n-accordion-item-title-header'><h3 class=\"e-n-accordion-item-title-text\"> TALLERS PER A NENS <\/h3><\/span>\n\t\t\t\t\t\t\t<span class='e-n-accordion-item-title-icon'>\n\t\t\t<span class='e-opened' ><svg aria-hidden=\"true\" class=\"e-font-icon-svg e-fas-minus\" viewBox=\"0 0 448 512\" xmlns=\"http:\/\/www.w3.org\/2000\/svg\"><path d=\"M416 208H32c-17.67 0-32 14.33-32 32v32c0 17.67 14.33 32 32 32h384c17.67 0 32-14.33 32-32v-32c0-17.67-14.33-32-32-32z\"><\/path><\/svg><\/span>\n\t\t\t<span class='e-closed'><svg aria-hidden=\"true\" class=\"e-font-icon-svg e-fas-plus\" viewBox=\"0 0 448 512\" xmlns=\"http:\/\/www.w3.org\/2000\/svg\"><path d=\"M416 208H272V64c0-17.67-14.33-32-32-32h-32c-17.67 0-32 14.33-32 32v144H32c-17.67 0-32 14.33-32 32v32c0 17.67 14.33 32 32 32h144v144c0 17.67 14.33 32 32 32h32c17.67 0 32-14.33 32-32V304h144c17.67 0 32-14.33 32-32v-32c0-17.67-14.33-32-32-32z\"><\/path><\/svg><\/span>\n\t\t<\/span>\n\n\t\t\t\t\t\t<\/summary>\n\t\t\t\t<div role=\"region\" aria-labelledby=\"e-n-accordion-item-5503\" class=\"elementor-element elementor-element-30802c9 e-con-full e-flex e-con e-child\" data-id=\"30802c9\" data-element_type=\"container\" data-e-type=\"container\">\n\t\t<div role=\"region\" aria-labelledby=\"e-n-accordion-item-5503\" class=\"elementor-element elementor-element-f2bd072 e-flex e-con-boxed e-con e-child\" data-id=\"f2bd072\" data-element_type=\"container\" data-e-type=\"container\" data-settings=\"{&quot;background_background&quot;:&quot;classic&quot;}\">\n\t\t\t\t\t<div class=\"e-con-inner\">\n\t\t\t\t<div class=\"elementor-element elementor-element-01bf391 elementor-widget elementor-widget-text-editor\" data-id=\"01bf391\" data-element_type=\"widget\" data-e-type=\"widget\" data-widget_type=\"text-editor.default\">\n\t\t\t\t\t\t\t\t\t<p><strong>(6-15 anys)<\/strong><\/p>\n<p>En un m\u00f3n dominat per la imatge en moviment, descobrir l&#8217;audiovisual com a arma de creaci\u00f3 art\u00edstica i cultural i d&#8217;autorepresentaci\u00f3 \u00e9s fonamental en el viatge d&#8217;aprenentatge.  <\/p>\n<p>En aquests tallers eminentment pr\u00e0ctics aprenem el valor de la imatge cinematogr\u00e0fica no nom\u00e9s des del visionat de pel\u00b7l\u00edcules sin\u00f3 des de la creaci\u00f3 primerenca de peces audiovisuals. Perqu\u00e8 \u00e9s en fer, on els m\u00e9s petits descobreixen com pensar i prendre decisions en imatges construint emoci\u00f3, narraci\u00f3 i comunitat. <\/p>\n<p>A trav\u00e9s de la Conselleria d&#8217;Educaci\u00f3 i el CEP d&#8217;Inca hem tingut l&#8217;oportunitat de posar en pr\u00e0ctica diversos tallers on en poques hores,<\/p>\t\t\t\t\t\t\t\t<\/div>\n\t\t\t\t\t<\/div>\n\t\t\t\t<\/div>\n\t\t\t\t<\/div>\n\t\t\t\t\t<\/details>\n\t\t\t\t\t\t<details id=\"e-n-accordion-item-5504\" class=\"e-n-accordion-item\" >\n\t\t\t\t<summary class=\"e-n-accordion-item-title\" data-accordion-index=\"5\" tabindex=\"-1\" aria-expanded=\"false\" aria-controls=\"e-n-accordion-item-5504\" >\n\t\t\t\t\t<span class='e-n-accordion-item-title-header'><h3 class=\"e-n-accordion-item-title-text\"> FORMACI\u00d3 DEL PROFESSORAT <\/h3><\/span>\n\t\t\t\t\t\t\t<span class='e-n-accordion-item-title-icon'>\n\t\t\t<span class='e-opened' ><svg aria-hidden=\"true\" class=\"e-font-icon-svg e-fas-minus\" viewBox=\"0 0 448 512\" xmlns=\"http:\/\/www.w3.org\/2000\/svg\"><path d=\"M416 208H32c-17.67 0-32 14.33-32 32v32c0 17.67 14.33 32 32 32h384c17.67 0 32-14.33 32-32v-32c0-17.67-14.33-32-32-32z\"><\/path><\/svg><\/span>\n\t\t\t<span class='e-closed'><svg aria-hidden=\"true\" class=\"e-font-icon-svg e-fas-plus\" viewBox=\"0 0 448 512\" xmlns=\"http:\/\/www.w3.org\/2000\/svg\"><path d=\"M416 208H272V64c0-17.67-14.33-32-32-32h-32c-17.67 0-32 14.33-32 32v144H32c-17.67 0-32 14.33-32 32v32c0 17.67 14.33 32 32 32h144v144c0 17.67 14.33 32 32 32h32c17.67 0 32-14.33 32-32V304h144c17.67 0 32-14.33 32-32v-32c0-17.67-14.33-32-32-32z\"><\/path><\/svg><\/span>\n\t\t<\/span>\n\n\t\t\t\t\t\t<\/summary>\n\t\t\t\t<div role=\"region\" aria-labelledby=\"e-n-accordion-item-5504\" class=\"elementor-element elementor-element-be1ac82 e-con-full e-flex e-con e-child\" data-id=\"be1ac82\" data-element_type=\"container\" data-e-type=\"container\">\n\t\t<div role=\"region\" aria-labelledby=\"e-n-accordion-item-5504\" class=\"elementor-element elementor-element-054d3dd e-flex e-con-boxed e-con e-child\" data-id=\"054d3dd\" data-element_type=\"container\" data-e-type=\"container\" data-settings=\"{&quot;background_background&quot;:&quot;classic&quot;}\">\n\t\t\t\t\t<div class=\"e-con-inner\">\n\t\t\t\t<div class=\"elementor-element elementor-element-3beb05a elementor-widget elementor-widget-video\" data-id=\"3beb05a\" data-element_type=\"widget\" data-e-type=\"widget\" data-settings=\"{&quot;video_type&quot;:&quot;vimeo&quot;}\" data-widget_type=\"video.default\">\n\t\t\t\t\t\t\t<div class=\"elementor-wrapper elementor-open-inline\">\n\t\t\t<iframe class=\"elementor-video-iframe\" allowfullscreen allow=\"clipboard-write\" title=\"Reproductor de v\u00eddeo vimeo\" src=\"https:\/\/player.vimeo.com\/video\/923811568?color&amp;autopause=0&amp;loop=0&amp;muted=0&amp;title=0&amp;portrait=0&amp;byline=0&amp;h=8ddba1fb17#t=\"><\/iframe>\t\t<\/div>\n\t\t\t\t\t\t<\/div>\n\t\t\t\t<div class=\"elementor-element elementor-element-a3c3733 elementor-widget elementor-widget-text-editor\" data-id=\"a3c3733\" data-element_type=\"widget\" data-e-type=\"widget\" data-widget_type=\"text-editor.default\">\n\t\t\t\t\t\t\t\t\t<p>Projecte socioeducatiu desenvolupat en col\u00b7laboraci\u00f3 amb la Conselleria d&#8217;Educaci\u00f3 (Govern Balear) i el programa Palma Educa de l&#8217;Ajuntament, orientat a ensenyar joves de secund\u00e0ria cinema documental a partir de visionats i an\u00e0lisis de pel\u00b7l\u00edcules. Es va treballar amb una desena de centres d\u201fESO i FP de Palma. La din\u00e0mica consistia en sessions a l&#8217;aula, despr\u00e9s la projecci\u00f3 de pel\u00b7l\u00edcules al cinema amb la pres\u00e8ncia i col\u00b7loqui amb els cineses, despr\u00e9s s&#8217;obria debat sobre la tem\u00e0tica i la forma narrativa.  <\/p>\t\t\t\t\t\t\t\t<\/div>\n\t\t\t\t\t<\/div>\n\t\t\t\t<\/div>\n\t\t\t\t<\/div>\n\t\t\t\t\t<\/details>\n\t\t\t\t\t\t<details id=\"e-n-accordion-item-5505\" class=\"e-n-accordion-item\" >\n\t\t\t\t<summary class=\"e-n-accordion-item-title\" data-accordion-index=\"6\" tabindex=\"-1\" aria-expanded=\"false\" aria-controls=\"e-n-accordion-item-5505\" >\n\t\t\t\t\t<span class='e-n-accordion-item-title-header'><h3 class=\"e-n-accordion-item-title-text\"> Col\u00b7laboraci\u00f3 amb institucions culturals i educatives <\/h3><\/span>\n\t\t\t\t\t\t\t<span class='e-n-accordion-item-title-icon'>\n\t\t\t<span class='e-opened' ><svg aria-hidden=\"true\" class=\"e-font-icon-svg e-fas-minus\" viewBox=\"0 0 448 512\" xmlns=\"http:\/\/www.w3.org\/2000\/svg\"><path d=\"M416 208H32c-17.67 0-32 14.33-32 32v32c0 17.67 14.33 32 32 32h384c17.67 0 32-14.33 32-32v-32c0-17.67-14.33-32-32-32z\"><\/path><\/svg><\/span>\n\t\t\t<span class='e-closed'><svg aria-hidden=\"true\" class=\"e-font-icon-svg e-fas-plus\" viewBox=\"0 0 448 512\" xmlns=\"http:\/\/www.w3.org\/2000\/svg\"><path d=\"M416 208H272V64c0-17.67-14.33-32-32-32h-32c-17.67 0-32 14.33-32 32v144H32c-17.67 0-32 14.33-32 32v32c0 17.67 14.33 32 32 32h144v144c0 17.67 14.33 32 32 32h32c17.67 0 32-14.33 32-32V304h144c17.67 0 32-14.33 32-32v-32c0-17.67-14.33-32-32-32z\"><\/path><\/svg><\/span>\n\t\t<\/span>\n\n\t\t\t\t\t\t<\/summary>\n\t\t\t\t<div role=\"region\" aria-labelledby=\"e-n-accordion-item-5505\" class=\"elementor-element elementor-element-53aa124 e-flex e-con-boxed e-con e-child\" data-id=\"53aa124\" data-element_type=\"container\" data-e-type=\"container\">\n\t\t\t\t\t<div class=\"e-con-inner\">\n\t\t<div role=\"region\" aria-labelledby=\"e-n-accordion-item-5505\" class=\"elementor-element elementor-element-016ad57 e-con-full e-flex e-con e-child\" data-id=\"016ad57\" data-element_type=\"container\" data-e-type=\"container\">\n\t\t\t\t<div class=\"elementor-element elementor-element-e5781cf elementor-widget elementor-widget-text-editor\" data-id=\"e5781cf\" data-element_type=\"widget\" data-e-type=\"widget\" data-widget_type=\"text-editor.default\">\n\t\t\t\t\t\t\t\t\t<p><span style=\"font-weight: 400;\">Comptem amb el suport d&#8217;entitats com<\/span> <b>Universitat de les Illes Balears, Palma Educa, Conselleria d&#8217;Educaci\u00f3<\/b> <span style=\"font-weight: 400;\">i el<\/span> <b>Ministeri de Cultura<\/b> <span style=\"font-weight: 400;\">, cosa que garanteix la qualitat i la projecci\u00f3 de la teva formaci\u00f3.<\/span><\/p>\t\t\t\t\t\t\t\t<\/div>\n\t\t\t\t<\/div>\n\t\t\t\t\t<\/div>\n\t\t\t\t<\/div>\n\t\t\t\t\t<\/details>\n\t\t\t\t\t<\/div>\n\t\t\t\t\t\t<\/div>\n\t\t\t\t\t<\/div>\n\t\t\t\t<\/div>\n\t\t<div class=\"elementor-element elementor-element-d9f55f9 e-flex e-con-boxed e-con e-parent\" data-id=\"d9f55f9\" data-element_type=\"container\" data-e-type=\"container\">\n\t\t\t\t\t<div class=\"e-con-inner\">\n\t\t\t\t<div class=\"elementor-element elementor-element-2a11ac5 elementor-widget elementor-widget-text-editor\" data-id=\"2a11ac5\" data-element_type=\"widget\" data-e-type=\"widget\" data-widget_type=\"text-editor.default\">\n\t\t\t\t\t\t\t\t\t<h2><strong>El Obrador : la teva escola de cinema a Mallorca<\/strong><\/h2>\n<p><span style=\"font-weight: 400;\">A<\/span> <i><span style=\"font-weight: 400;\">El Obrador<\/span><\/i> <span style=\"font-weight: 400;\">no nom\u00e9s ensenyem cinema:<\/span> <b>creem comunitat<\/b><span style=\"font-weight: 400;\">. El nostre objectiu \u00e9s acompanyar cada alumne en el seu proc\u00e9s creatiu, brindant-li eines t\u00e8cniques, suport hum\u00e0 i un espai per cr\u00e9ixer com a artista.<\/span><\/p>\n<p><span style=\"font-weight: 400;\">La nostra identitat es connecta profundament amb la cultura balear: des de tallers a col\u00b7legis de Palma fins a resid\u00e8ncies art\u00edstiques a la<\/span> <b>natura<\/b> <span style=\"font-weight: 400;\">, passant per col\u00b7laboracions amb festivals i esdeveniments culturals de Mallorca com Majordocs on programarem les millors obres.<\/span><\/p>\t\t\t\t\t\t\t\t<\/div>\n\t\t\t\t\t<\/div>\n\t\t\t\t<\/div>\n\t\t\t\t<\/div>\n\t\t","protected":false},"excerpt":{"rendered":"<p>Impulsem talent jove mitjan\u00e7ant formaci\u00f3 i creaci\u00f3 audiovisual inclusiva.<\/p>\n","protected":false},"featured_media":2032,"template":"","class_list":["post-2707","servicio","type-servicio","status-publish","has-post-thumbnail","hentry"],"_links":{"self":[{"href":"https:\/\/el-obrador.com\/ca\/wp-json\/wp\/v2\/servicio\/2707","targetHints":{"allow":["GET"]}}],"collection":[{"href":"https:\/\/el-obrador.com\/ca\/wp-json\/wp\/v2\/servicio"}],"about":[{"href":"https:\/\/el-obrador.com\/ca\/wp-json\/wp\/v2\/types\/servicio"}],"version-history":[{"count":3,"href":"https:\/\/el-obrador.com\/ca\/wp-json\/wp\/v2\/servicio\/2707\/revisions"}],"predecessor-version":[{"id":2722,"href":"https:\/\/el-obrador.com\/ca\/wp-json\/wp\/v2\/servicio\/2707\/revisions\/2722"}],"wp:featuredmedia":[{"embeddable":true,"href":"https:\/\/el-obrador.com\/ca\/wp-json\/wp\/v2\/media\/2032"}],"wp:attachment":[{"href":"https:\/\/el-obrador.com\/ca\/wp-json\/wp\/v2\/media?parent=2707"}],"curies":[{"name":"wp","href":"https:\/\/api.w.org\/{rel}","templated":true}]}}